{"id":344,"date":"2018-02-05T13:04:04","date_gmt":"2018-02-05T13:04:04","guid":{"rendered":"https:\/\/wplive.site\/wp\/md\/optima\/?page_id=344"},"modified":"2022-11-24T22:22:14","modified_gmt":"2022-11-25T02:22:14","slug":"specialists","status":"publish","type":"page","link":"https:\/\/centroasistenciapsicologica.com\/index.php\/specialists\/","title":{"rendered":"Nuestro equipo"},"content":{"rendered":"<div class=\"wpb-content-wrapper\">[vc_row full_width=\u00bbstretch_row\u00bb css=\u00bb.vc_custom_1517837737798{background-color: #f6f8f9 !important;}\u00bb][vc_column][gt3_spacing height=\u00bb40px\u00bb][gt3_spacing height=\u00bb14px\u00bb][gt3_custom_text text_color=\u00bb#42474c\u00bb font_size=\u00bb36&#8243;]Conoce nuestros <span style=\"font-weight: bold;\" class=\"gt3_font-weight\">especialistas<\/span>[\/gt3_custom_text][gt3_spacing height=\u00bb60px\u00bb][vc_row_inner el_class=\u00bbgt3_isotope-custom-menu\u00bb][vc_column_inner]<div class=\"gt3_team_list\"><div class=\"gt3_team_list__posts-container row\"  data-build_query=\"size:All|order_by:modified|order:DESC\" data-team_style=\"content_on_bottom\" data-posts_per_line=\"4\" data-items_load=\"4\" data-post_count=\"13\"><div class=\"gt3_team_list__grid-sizer span3\"><\/div><div class=\"gt3_team_list__grid-gutter\"><\/div><article class=\"gt3_team_list__item span3 equipo gt3_team_list__item--content_on_bottom gt3_team_list__item--1\"><div class=\"gt3_team_list__image-holder\"><a href=\"https:\/\/centroasistenciapsicologica.com\/index.php\/team\/dr-tom-stewart\/\" class=\"gt3_team_list__image_link\"><div class=\"gt3_team_list__image-placeholder\" style=\"padding-bottom:100%;margin-bottom:-100%;background-color:#161F1D;\"><\/div><img decoding=\"async\" src=\"https:\/\/centroasistenciapsicologica.com\/wp-content\/uploads\/2022\/11\/image_6483441-3-e1669172082579-270x270.jpg\" srcset=\"https:\/\/centroasistenciapsicologica.com\/wp-content\/uploads\/2022\/11\/image_6483441-3-e1669172082579-270x270.jpg 270w, https:\/\/centroasistenciapsicologica.com\/wp-content\/uploads\/2022\/11\/image_6483441-3-e1669172082579-215x215.jpg 215w, https:\/\/centroasistenciapsicologica.com\/wp-content\/uploads\/2022\/11\/image_6483441-3-e1669172082579-160x160.jpg 160w,https:\/\/centroasistenciapsicologica.com\/wp-content\/uploads\/2022\/11\/image_6483441-3-e1669172082579-420x420.jpg 420w\" sizes=\"(min-width: 1200px) 270px, (min-width: 992px) 215px, (min-width: 768px) 160px, (max-width: 600px) 420px\" alt=\"\" \/><\/a><\/div><div class=\"gt3_team_list__content\"><a href=\"https:\/\/centroasistenciapsicologica.com\/index.php\/team\/dr-tom-stewart\/\" class=\"gt3_team_list__title_link\"><h3 class=\"gt3_team_list__title\">Angie Santana Fdez.<\/h3><\/a><div class=\"gt3_team_list__position\">Directora T\u00e9cnica CASP, Magister en Terapia familiar, pareja, manejo de conflictos y acompa\u00f1amiento en procesos de divorcio. Psicol\u00f3ga Forense<\/div><\/div><\/article><article class=\"gt3_team_list__item span3 equipo gt3_team_list__item--content_on_bottom gt3_team_list__item--2\"><div class=\"gt3_team_list__image-holder\"><a href=\"https:\/\/centroasistenciapsicologica.com\/index.php\/team\/dr-sarah-johnson\/\" class=\"gt3_team_list__image_link\"><div class=\"gt3_team_list__image-placeholder\" style=\"padding-bottom:100%;margin-bottom:-100%;background-color:#B79BA6;\"><\/div><img decoding=\"async\" src=\"https:\/\/centroasistenciapsicologica.com\/wp-content\/uploads\/2018\/01\/IMG_20240316_121752-270x270.jpg\" srcset=\"https:\/\/centroasistenciapsicologica.com\/wp-content\/uploads\/2018\/01\/IMG_20240316_121752-270x270.jpg 270w, https:\/\/centroasistenciapsicologica.com\/wp-content\/uploads\/2018\/01\/IMG_20240316_121752-215x215.jpg 215w, https:\/\/centroasistenciapsicologica.com\/wp-content\/uploads\/2018\/01\/IMG_20240316_121752-160x160.jpg 160w,https:\/\/centroasistenciapsicologica.com\/wp-content\/uploads\/2018\/01\/IMG_20240316_121752-420x420.jpg 420w\" sizes=\"(min-width: 1200px) 270px, (min-width: 992px) 215px, (min-width: 768px) 160px, (max-width: 600px) 420px\" alt=\"\" \/><\/a><\/div><div class=\"gt3_team_list__content\"><a href=\"https:\/\/centroasistenciapsicologica.com\/index.php\/team\/dr-sarah-johnson\/\" class=\"gt3_team_list__title_link\"><h3 class=\"gt3_team_list__title\">Alejandra P\u00e9rez<\/h3><\/a><div class=\"gt3_team_list__position\">Psic\u00f3loga cl\u00ednica, Terapeuta infatil, Terapueta conductual, Certificada en TREAC.  Terapeuta de Adolescentes y manejo de emociones en adultos y ni\u00f1os.<\/div><\/div><\/article><article class=\"gt3_team_list__item span3 gt3_team_list__item--content_on_bottom gt3_team_list__item--3\"><div class=\"gt3_team_list__image-holder\"><a href=\"https:\/\/centroasistenciapsicologica.com\/index.php\/team\/dra-yiselis-portes\/\" class=\"gt3_team_list__image_link\"><div class=\"gt3_team_list__image-placeholder\" style=\"padding-bottom:100%;margin-bottom:-100%;background-color:##D3D3D3;\"><\/div><img decoding=\"async\" src=\"https:\/\/centroasistenciapsicologica.com\/wp-content\/uploads\/2024\/09\/WhatsApp-Image-2024-09-11-at-12.40.50-PM-270x270.jpeg\" srcset=\"https:\/\/centroasistenciapsicologica.com\/wp-content\/uploads\/2024\/09\/WhatsApp-Image-2024-09-11-at-12.40.50-PM-270x270.jpeg 270w, https:\/\/centroasistenciapsicologica.com\/wp-content\/uploads\/2024\/09\/WhatsApp-Image-2024-09-11-at-12.40.50-PM-215x215.jpeg 215w, https:\/\/centroasistenciapsicologica.com\/wp-content\/uploads\/2024\/09\/WhatsApp-Image-2024-09-11-at-12.40.50-PM-160x160.jpeg 160w,https:\/\/centroasistenciapsicologica.com\/wp-content\/uploads\/2024\/09\/WhatsApp-Image-2024-09-11-at-12.40.50-PM-420x420.jpeg 420w\" sizes=\"(min-width: 1200px) 270px, (min-width: 992px) 215px, (min-width: 768px) 160px, (max-width: 600px) 420px\" alt=\"\" \/><\/a><\/div><div class=\"gt3_team_list__content\"><a href=\"https:\/\/centroasistenciapsicologica.com\/index.php\/team\/dra-yiselis-portes\/\" class=\"gt3_team_list__title_link\"><h3 class=\"gt3_team_list__title\">Dra. Yiselis Portes<\/h3><\/a><div class=\"gt3_team_list__position\">Amplia experiencia en Direcci\u00f3n administrativa y gesti\u00f3n m\u00e9dica. Docente universitaria en el \u00e1rea cl\u00ednica, empresarial y liderazgo.<\/div><\/div><\/article><article class=\"gt3_team_list__item span3 gt3_team_list__item--content_on_bottom gt3_team_list__item--4\"><div class=\"gt3_team_list__image-holder\"><a href=\"https:\/\/centroasistenciapsicologica.com\/index.php\/team\/miguel-angel-jimenez\/\" class=\"gt3_team_list__image_link\"><div class=\"gt3_team_list__image-placeholder\" style=\"padding-bottom:100%;margin-bottom:-100%;background-color:#A8A5AD;\"><\/div><img decoding=\"async\" src=\"https:\/\/centroasistenciapsicologica.com\/wp-content\/uploads\/2023\/11\/IMG_20240316_121831-270x270.jpg\" srcset=\"https:\/\/centroasistenciapsicologica.com\/wp-content\/uploads\/2023\/11\/IMG_20240316_121831-270x270.jpg 270w, https:\/\/centroasistenciapsicologica.com\/wp-content\/uploads\/2023\/11\/IMG_20240316_121831-215x215.jpg 215w, https:\/\/centroasistenciapsicologica.com\/wp-content\/uploads\/2023\/11\/IMG_20240316_121831-160x160.jpg 160w,https:\/\/centroasistenciapsicologica.com\/wp-content\/uploads\/2023\/11\/IMG_20240316_121831-420x420.jpg 420w\" sizes=\"(min-width: 1200px) 270px, (min-width: 992px) 215px, (min-width: 768px) 160px, (max-width: 600px) 420px\" alt=\"\" \/><\/a><\/div><div class=\"gt3_team_list__content\"><a href=\"https:\/\/centroasistenciapsicologica.com\/index.php\/team\/miguel-angel-jimenez\/\" class=\"gt3_team_list__title_link\"><h3 class=\"gt3_team_list__title\">Miguel \u00c1ngel Jim\u00e9nez<\/h3><\/a><div class=\"gt3_team_list__position\">Psic\u00f3logo cl\u00ednico y de la salud, Especialista cognitivo conductual, Trastornos de personalidad<\/div><\/div><\/article><article class=\"gt3_team_list__item span3 equipo gt3_team_list__item--content_on_bottom gt3_team_list__item--5\"><div class=\"gt3_team_list__image-holder\"><a href=\"https:\/\/centroasistenciapsicologica.com\/index.php\/team\/dr-emma-scott\/\" class=\"gt3_team_list__image_link\"><div class=\"gt3_team_list__image-placeholder\" style=\"padding-bottom:100%;margin-bottom:-100%;background-color:#7B7778;\"><\/div><img decoding=\"async\" src=\"https:\/\/centroasistenciapsicologica.com\/wp-content\/uploads\/2022\/11\/image_6483441-1-270x270.jpg\" srcset=\"https:\/\/centroasistenciapsicologica.com\/wp-content\/uploads\/2022\/11\/image_6483441-1-270x270.jpg 270w, https:\/\/centroasistenciapsicologica.com\/wp-content\/uploads\/2022\/11\/image_6483441-1-215x215.jpg 215w, https:\/\/centroasistenciapsicologica.com\/wp-content\/uploads\/2022\/11\/image_6483441-1-160x160.jpg 160w,https:\/\/centroasistenciapsicologica.com\/wp-content\/uploads\/2022\/11\/image_6483441-1-420x420.jpg 420w\" sizes=\"(min-width: 1200px) 270px, (min-width: 992px) 215px, (min-width: 768px) 160px, (max-width: 600px) 420px\" alt=\"\" \/><\/a><\/div><div class=\"gt3_team_list__content\"><a href=\"https:\/\/centroasistenciapsicologica.com\/index.php\/team\/dr-emma-scott\/\" class=\"gt3_team_list__title_link\"><h3 class=\"gt3_team_list__title\">Awilda L\u00f3pez, MA<\/h3><\/a><div class=\"gt3_team_list__position\">Psic\u00f3loga cl\u00ednica, Terapeuta del Lenguaje, especialista en conducta y Psicometr\u00eda<\/div><\/div><\/article><article class=\"gt3_team_list__item span3 gt3_team_list__item--content_on_bottom gt3_team_list__item--6\"><div class=\"gt3_team_list__image-holder\"><a href=\"https:\/\/centroasistenciapsicologica.com\/index.php\/team\/dra-aurelia-suero-lizardo\/\" class=\"gt3_team_list__image_link\"><div class=\"gt3_team_list__image-placeholder\" style=\"padding-bottom:100%;margin-bottom:-100%;background-color:##D3D3D3;\"><\/div><img decoding=\"async\" src=\"https:\/\/centroasistenciapsicologica.com\/wp-content\/uploads\/2024\/09\/WhatsApp-Image-2024-09-01-at-4.49.40-PM-270x270.jpeg\" srcset=\"https:\/\/centroasistenciapsicologica.com\/wp-content\/uploads\/2024\/09\/WhatsApp-Image-2024-09-01-at-4.49.40-PM-270x270.jpeg 270w, https:\/\/centroasistenciapsicologica.com\/wp-content\/uploads\/2024\/09\/WhatsApp-Image-2024-09-01-at-4.49.40-PM-215x215.jpeg 215w, https:\/\/centroasistenciapsicologica.com\/wp-content\/uploads\/2024\/09\/WhatsApp-Image-2024-09-01-at-4.49.40-PM-160x160.jpeg 160w,https:\/\/centroasistenciapsicologica.com\/wp-content\/uploads\/2024\/09\/WhatsApp-Image-2024-09-01-at-4.49.40-PM-420x420.jpeg 420w\" sizes=\"(min-width: 1200px) 270px, (min-width: 992px) 215px, (min-width: 768px) 160px, (max-width: 600px) 420px\" alt=\"\" \/><\/a><\/div><div class=\"gt3_team_list__content\"><a href=\"https:\/\/centroasistenciapsicologica.com\/index.php\/team\/dra-aurelia-suero-lizardo\/\" class=\"gt3_team_list__title_link\"><h3 class=\"gt3_team_list__title\">Dra. Aurelia S. Lizardo<\/h3><\/a><div class=\"gt3_team_list__position\">M\u00e9dico, Nutriologa Cl\u00ednica, Magister en Alimentaci\u00f3n y Nutrici\u00f3n  Especialista en  Dietoterapia para enfermedades cr\u00f3nicas, Dietetica para control de peso.<\/div><\/div><\/article><article class=\"gt3_team_list__item span3 gt3_team_list__item--content_on_bottom gt3_team_list__item--7\"><div class=\"gt3_team_list__image-holder\"><a href=\"https:\/\/centroasistenciapsicologica.com\/index.php\/team\/daisy-nunez\/\" class=\"gt3_team_list__image_link\"><div class=\"gt3_team_list__image-placeholder\" style=\"padding-bottom:100%;margin-bottom:-100%;background-color:#A9AAB7;\"><\/div><img decoding=\"async\" src=\"https:\/\/centroasistenciapsicologica.com\/wp-content\/uploads\/2024\/09\/Foto-Daisy-Nunez-1-1-270x270.jpg\" srcset=\"https:\/\/centroasistenciapsicologica.com\/wp-content\/uploads\/2024\/09\/Foto-Daisy-Nunez-1-1-270x270.jpg 270w, https:\/\/centroasistenciapsicologica.com\/wp-content\/uploads\/2024\/09\/Foto-Daisy-Nunez-1-1-215x215.jpg 215w, https:\/\/centroasistenciapsicologica.com\/wp-content\/uploads\/2024\/09\/Foto-Daisy-Nunez-1-1-160x160.jpg 160w,https:\/\/centroasistenciapsicologica.com\/wp-content\/uploads\/2024\/09\/Foto-Daisy-Nunez-1-1-420x420.jpg 420w\" sizes=\"(min-width: 1200px) 270px, (min-width: 992px) 215px, (min-width: 768px) 160px, (max-width: 600px) 420px\" alt=\"\" \/><\/a><\/div><div class=\"gt3_team_list__content\"><a href=\"https:\/\/centroasistenciapsicologica.com\/index.php\/team\/daisy-nunez\/\" class=\"gt3_team_list__title_link\"><h3 class=\"gt3_team_list__title\">Daisy N\u00fa\u00f1ez<\/h3><\/a><div class=\"gt3_team_list__position\">Psic\u00f3loga general. Mag\u00edster en Intervenci\u00f3n Sist\u00e9mica y Terapia Familiar. Terapeuta de ni\u00f1os, adolescentes y adultos en temas emocionales, interpersonales, familiares y de crecimiento personal.<\/div><\/div><\/article><article class=\"gt3_team_list__item span3 gt3_team_list__item--content_on_bottom gt3_team_list__item--8\"><div class=\"gt3_team_list__image-holder\"><a href=\"https:\/\/centroasistenciapsicologica.com\/index.php\/team\/pablo-castillo-ma\/\" class=\"gt3_team_list__image_link\"><div class=\"gt3_team_list__image-placeholder\" style=\"padding-bottom:100%;margin-bottom:-100%;background-color:##D3D3D3;\"><\/div><img decoding=\"async\" src=\"https:\/\/centroasistenciapsicologica.com\/wp-content\/uploads\/2022\/11\/WhatsApp-Image-2024-07-23-at-9.20.01-AM-270x270.jpeg\" srcset=\"https:\/\/centroasistenciapsicologica.com\/wp-content\/uploads\/2022\/11\/WhatsApp-Image-2024-07-23-at-9.20.01-AM-270x270.jpeg 270w, https:\/\/centroasistenciapsicologica.com\/wp-content\/uploads\/2022\/11\/WhatsApp-Image-2024-07-23-at-9.20.01-AM-215x215.jpeg 215w, https:\/\/centroasistenciapsicologica.com\/wp-content\/uploads\/2022\/11\/WhatsApp-Image-2024-07-23-at-9.20.01-AM-160x160.jpeg 160w,https:\/\/centroasistenciapsicologica.com\/wp-content\/uploads\/2022\/11\/WhatsApp-Image-2024-07-23-at-9.20.01-AM-420x420.jpeg 420w\" sizes=\"(min-width: 1200px) 270px, (min-width: 992px) 215px, (min-width: 768px) 160px, (max-width: 600px) 420px\" alt=\"\" \/><\/a><\/div><div class=\"gt3_team_list__content\"><a href=\"https:\/\/centroasistenciapsicologica.com\/index.php\/team\/pablo-castillo-ma\/\" class=\"gt3_team_list__title_link\"><h3 class=\"gt3_team_list__title\">Ernesto De Los Rios, MA<\/h3><\/a><div class=\"gt3_team_list__position\">Psic\u00f3logo Organizacional, M\u00e1ster en Gesti\u00f3n de competencias. Planes de sucesi\u00f3n y de carrera, Orientaci\u00f3n vocacional, Coach de vida profesional, Plan de desarrollo individual (PDI).<\/div><\/div><\/article><article class=\"gt3_team_list__item span3 gt3_team_list__item--content_on_bottom gt3_team_list__item--1\"><div class=\"gt3_team_list__image-holder\"><a href=\"https:\/\/centroasistenciapsicologica.com\/index.php\/team\/emnia-jimenez-ma\/\" class=\"gt3_team_list__image_link\"><div class=\"gt3_team_list__image-placeholder\" style=\"padding-bottom:100%;margin-bottom:-100%;background-color:#9E958E;\"><\/div><img decoding=\"async\" src=\"https:\/\/centroasistenciapsicologica.com\/wp-content\/uploads\/2022\/11\/Emnia-Foto-270x270.jpg\" srcset=\"https:\/\/centroasistenciapsicologica.com\/wp-content\/uploads\/2022\/11\/Emnia-Foto-270x270.jpg 270w, https:\/\/centroasistenciapsicologica.com\/wp-content\/uploads\/2022\/11\/Emnia-Foto-215x215.jpg 215w, https:\/\/centroasistenciapsicologica.com\/wp-content\/uploads\/2022\/11\/Emnia-Foto-160x160.jpg 160w,https:\/\/centroasistenciapsicologica.com\/wp-content\/uploads\/2022\/11\/Emnia-Foto-420x420.jpg 420w\" sizes=\"(min-width: 1200px) 270px, (min-width: 992px) 215px, (min-width: 768px) 160px, (max-width: 600px) 420px\" alt=\"\" \/><\/a><\/div><div class=\"gt3_team_list__content\"><a href=\"https:\/\/centroasistenciapsicologica.com\/index.php\/team\/emnia-jimenez-ma\/\" class=\"gt3_team_list__title_link\"><h3 class=\"gt3_team_list__title\">Emnia Jim\u00e9nez, MA<\/h3><\/a><div class=\"gt3_team_list__position\">Psic\u00f3loga General. Magister en Intervenci\u00f3n  Psicol\u00f3gica en el  Desarrollo y la Educaci\u00f3n. Especialidad en duelo. Terapia infanto-juvenil.  Terapeuta de Aprendizaje<\/div><\/div><\/article><article class=\"gt3_team_list__item span3 gt3_team_list__item--content_on_bottom gt3_team_list__item--2\"><div class=\"gt3_team_list__image-holder\"><a href=\"https:\/\/centroasistenciapsicologica.com\/index.php\/team\/mariana-oropeza\/\" class=\"gt3_team_list__image_link\"><div class=\"gt3_team_list__image-placeholder\" style=\"padding-bottom:100%;margin-bottom:-100%;background-color:#847E84;\"><\/div><img decoding=\"async\" src=\"https:\/\/centroasistenciapsicologica.com\/wp-content\/uploads\/2023\/11\/image-1-270x270.jpg\" srcset=\"https:\/\/centroasistenciapsicologica.com\/wp-content\/uploads\/2023\/11\/image-1-270x270.jpg 270w, https:\/\/centroasistenciapsicologica.com\/wp-content\/uploads\/2023\/11\/image-1-215x215.jpg 215w, https:\/\/centroasistenciapsicologica.com\/wp-content\/uploads\/2023\/11\/image-1-160x160.jpg 160w,https:\/\/centroasistenciapsicologica.com\/wp-content\/uploads\/2023\/11\/image-1-420x420.jpg 420w\" sizes=\"(min-width: 1200px) 270px, (min-width: 992px) 215px, (min-width: 768px) 160px, (max-width: 600px) 420px\" alt=\"\" \/><\/a><\/div><div class=\"gt3_team_list__content\"><a href=\"https:\/\/centroasistenciapsicologica.com\/index.php\/team\/mariana-oropeza\/\" class=\"gt3_team_list__title_link\"><h3 class=\"gt3_team_list__title\">Mariana Oropeza P.<\/h3><\/a><div class=\"gt3_team_list__position\">Licenciada en Psicologia, Magister en Psicolog\u00eda Cl\u00ednica-Sanitaria e infanto juvenil. <\/div><\/div><\/article><article class=\"gt3_team_list__item span3 gt3_team_list__item--content_on_bottom gt3_team_list__item--3\"><div class=\"gt3_team_list__image-holder\"><a href=\"https:\/\/centroasistenciapsicologica.com\/index.php\/team\/dr-victor-figueroa-ma\/\" class=\"gt3_team_list__image_link\"><div class=\"gt3_team_list__image-placeholder\" style=\"padding-bottom:100%;margin-bottom:-100%;background-color:##D3D3D3;\"><\/div><img decoding=\"async\" src=\"https:\/\/centroasistenciapsicologica.com\/wp-content\/uploads\/2022\/11\/WhatsApp-Image-2022-11-24-at-7.02.45-PM-270x270.jpeg\" srcset=\"https:\/\/centroasistenciapsicologica.com\/wp-content\/uploads\/2022\/11\/WhatsApp-Image-2022-11-24-at-7.02.45-PM-270x270.jpeg 270w, https:\/\/centroasistenciapsicologica.com\/wp-content\/uploads\/2022\/11\/WhatsApp-Image-2022-11-24-at-7.02.45-PM-215x215.jpeg 215w, https:\/\/centroasistenciapsicologica.com\/wp-content\/uploads\/2022\/11\/WhatsApp-Image-2022-11-24-at-7.02.45-PM-160x160.jpeg 160w,https:\/\/centroasistenciapsicologica.com\/wp-content\/uploads\/2022\/11\/WhatsApp-Image-2022-11-24-at-7.02.45-PM-420x420.jpeg 420w\" sizes=\"(min-width: 1200px) 270px, (min-width: 992px) 215px, (min-width: 768px) 160px, (max-width: 600px) 420px\" alt=\"\" \/><\/a><\/div><div class=\"gt3_team_list__content\"><a href=\"https:\/\/centroasistenciapsicologica.com\/index.php\/team\/dr-victor-figueroa-ma\/\" class=\"gt3_team_list__title_link\"><h3 class=\"gt3_team_list__title\">Dr. Victor Figueroa, MD<\/h3><\/a><div class=\"gt3_team_list__position\">Psiquiatra, Experto en Adicciones,Trastorno Bipolar, Depresi\u00f3n y ansiedad<\/div><\/div><\/article><article class=\"gt3_team_list__item span3 gt3_team_list__item--content_on_bottom gt3_team_list__item--4\"><div class=\"gt3_team_list__image-holder\"><a href=\"https:\/\/centroasistenciapsicologica.com\/index.php\/team\/estefany-arredondo-amaro-m-a\/\" class=\"gt3_team_list__image_link\"><div class=\"gt3_team_list__image-placeholder\" style=\"padding-bottom:100%;margin-bottom:-100%;background-color:#938874;\"><\/div><img decoding=\"async\" src=\"https:\/\/centroasistenciapsicologica.com\/wp-content\/uploads\/2023\/11\/image-270x270.jpg\" srcset=\"https:\/\/centroasistenciapsicologica.com\/wp-content\/uploads\/2023\/11\/image-270x270.jpg 270w, https:\/\/centroasistenciapsicologica.com\/wp-content\/uploads\/2023\/11\/image-215x215.jpg 215w, https:\/\/centroasistenciapsicologica.com\/wp-content\/uploads\/2023\/11\/image-160x160.jpg 160w,https:\/\/centroasistenciapsicologica.com\/wp-content\/uploads\/2023\/11\/image-420x420.jpg 420w\" sizes=\"(min-width: 1200px) 270px, (min-width: 992px) 215px, (min-width: 768px) 160px, (max-width: 600px) 420px\" alt=\"\" \/><\/a><\/div><div class=\"gt3_team_list__content\"><a href=\"https:\/\/centroasistenciapsicologica.com\/index.php\/team\/estefany-arredondo-amaro-m-a\/\" class=\"gt3_team_list__title_link\"><h3 class=\"gt3_team_list__title\">Estefany Arredondo,MA<\/h3><\/a><div class=\"gt3_team_list__position\">Psic\u00f3loga Cl\u00ednica, Terapeuta Familiar Sist\u00e9mica, Bienestar Emocional<\/div><\/div><\/article><article class=\"gt3_team_list__item span3 gt3_team_list__item--content_on_bottom gt3_team_list__item--5\"><div class=\"gt3_team_list__image-holder\"><a href=\"https:\/\/centroasistenciapsicologica.com\/index.php\/team\/dra-gleny-valdez\/\" class=\"gt3_team_list__image_link\"><div class=\"gt3_team_list__image-placeholder\" style=\"padding-bottom:100%;margin-bottom:-100%;background-color:#ECECEC;\"><\/div><img decoding=\"async\" src=\"https:\/\/centroasistenciapsicologica.com\/wp-content\/uploads\/2022\/11\/Dra.-Valdez-270x270.jpg\" srcset=\"https:\/\/centroasistenciapsicologica.com\/wp-content\/uploads\/2022\/11\/Dra.-Valdez-270x270.jpg 270w, https:\/\/centroasistenciapsicologica.com\/wp-content\/uploads\/2022\/11\/Dra.-Valdez-215x215.jpg 215w, https:\/\/centroasistenciapsicologica.com\/wp-content\/uploads\/2022\/11\/Dra.-Valdez-160x160.jpg 160w,https:\/\/centroasistenciapsicologica.com\/wp-content\/uploads\/2022\/11\/Dra.-Valdez-420x420.jpg 420w\" sizes=\"(min-width: 1200px) 270px, (min-width: 992px) 215px, (min-width: 768px) 160px, (max-width: 600px) 420px\" alt=\"\" \/><\/a><\/div><div class=\"gt3_team_list__content\"><a href=\"https:\/\/centroasistenciapsicologica.com\/index.php\/team\/dra-gleny-valdez\/\" class=\"gt3_team_list__title_link\"><h3 class=\"gt3_team_list__title\">Dra. Gleny Valdez<\/h3><\/a><div class=\"gt3_team_list__position\">Especialidad en Familia, Ansiedad, Trastornos del comportamiento<\/div><\/div><\/article><\/div><\/div>[\/vc_column_inner][\/vc_row_inner][\/vc_column][\/vc_row][vc_row full_width=\u00bbstretch_row\u00bb css=\u00bb.vc_custom_1513867674487{background-color: #4eaac8 !important;}\u00bb][vc_column][vc_empty_space height=\u00bb2vh\u00bb][vc_cta h2=\u00bbAGENDA TU CITA CON NOSOTROS\u00bb h2_font_container=\u00bbtag:h2|font_size:36|text_align:left|color:%23ffffff|line_height:1.5&#8243; h2_google_fonts=\u00bbfont_family:Lato%3A100%2C100italic%2C300%2C300italic%2Cregular%2Citalic%2C700%2C700italic%2C900%2C900italic|font_style:300%20light%20regular%3A300%3Anormal\u00bb h4_font_container=\u00bbtag:h2|font_size:13|text_align:left|color:%23ffffff|line_height:1.4&#8243; h4_google_fonts=\u00bbfont_family:Lato%3A100%2C100italic%2C300%2C300italic%2Cregular%2Citalic%2C700%2C700italic%2C900%2C900italic|font_style:700%20bold%20regular%3A700%3Anormal\u00bb shape=\u00bbsquare\u00bb style=\u00bbcustom\u00bb add_button=\u00bbright\u00bb btn_title=\u00bb\u00a1HAZ TU CITA AQU\u00cd!\u00bb btn_style=\u00bbcustom\u00bb btn_custom_background=\u00bb#3d3272&#8243; btn_custom_text=\u00bb#ffffff\u00bb btn_align=\u00bbright\u00bb use_custom_fonts_h2=\u00bbtrue\u00bb use_custom_fonts_h4=\u00bbtrue\u00bb custom_background=\u00bb#4eaac8&#8243; custom_text=\u00bb#ffffff\u00bb btn_link=\u00bburl:https%3A%2F%2Fcentroasistenciapsicologica.com%2Findex.php%2Fsolicitud-de-consulta%2F|target:_blank\u00bb][\/vc_cta][vc_empty_space height=\u00bb3.2vh\u00bb][\/vc_column][\/vc_row]\n<\/div>","protected":false},"excerpt":{"rendered":"<p>[vc_row full_width=\u00bbstretch_row\u00bb css=\u00bb.vc_custom_1517837737798{background-color: #f6f8f9 !important;}\u00bb][vc_column][gt3_spacing height=\u00bb40px\u00bb][gt3_spacing height=\u00bb14px\u00bb][gt3_custom_text text_color=\u00bb#42474c\u00bb font_size=\u00bb36&#8243;]Conoce nuestros especialistas[\/gt3_custom_text][gt3_spacing height=\u00bb60px\u00bb][vc_row_inner el_class=\u00bbgt3_isotope-custom-menu\u00bb][vc_column_inner][\/vc_column_inner][\/vc_row_inner][\/vc_column][\/vc_row][vc_row full_width=\u00bbstretch_row\u00bb css=\u00bb.vc_custom_1513867674487{background-color: #4eaac8 !important;}\u00bb][vc_column][vc_empty_space height=\u00bb2vh\u00bb][vc_cta h2=\u00bbAGENDA TU CITA CON NOSOTROS\u00bb h2_font_container=\u00bbtag:h2|font_size:36|text_align:left|color:%23ffffff|line_height:1.5&#8243; h2_google_fonts=\u00bbfont_family:Lato%3A100%2C100italic%2C300%2C300italic%2Cregular%2Citalic%2C700%2C700italic%2C900%2C900italic|font_style:300%20light%20regular%3A300%3Anormal\u00bb h4_font_container=\u00bbtag:h2|font_size:13|text_align:left|color:%23ffffff|line_height:1.4&#8243; h4_google_fonts=\u00bbfont_family:Lato%3A100%2C100italic%2C300%2C300italic%2Cregular%2Citalic%2C700%2C700italic%2C900%2C900italic|font_style:700%20bold%20regular%3A700%3Anormal\u00bb shape=\u00bbsquare\u00bb style=\u00bbcustom\u00bb add_button=\u00bbright\u00bb btn_title=\u00bb\u00a1HAZ TU CITA AQU\u00cd!\u00bb btn_style=\u00bbcustom\u00bb btn_custom_background=\u00bb#3d3272&#8243; btn_custom_text=\u00bb#ffffff\u00bb btn_align=\u00bbright\u00bb use_custom_fonts_h2=\u00bbtrue\u00bb use_custom_fonts_h4=\u00bbtrue\u00bb custom_background=\u00bb#4eaac8&#8243; custom_text=\u00bb#ffffff\u00bb btn_link=\u00bburl:https%3A%2F%2Fcentroasistenciapsicologica.com%2Findex.php%2Fsolicitud-de-consulta%2F|target:_blank\u00bb][\/vc_cta][vc_empty_space height=\u00bb3.2vh\u00bb][\/vc_column][\/vc_row]<\/p>\n","protected":false},"author":1,"featured_media":0,"parent":0,"menu_order":0,"comment_status":"closed","ping_status":"closed","template":"","meta":{"om_disable_all_campaigns":false,"_monsterinsights_skip_tracking":false,"_monsterinsights_sitenote_active":false,"_monsterinsights_sitenote_note":"","_monsterinsights_sitenote_category":0,"footnotes":""},"class_list":["post-344","page","type-page","status-publish","hentry"],"_links":{"self":[{"href":"https:\/\/centroasistenciapsicologica.com\/index.php\/wp-json\/wp\/v2\/pages\/344","targetHints":{"allow":["GET"]}}],"collection":[{"href":"https:\/\/centroasistenciapsicologica.com\/index.php\/wp-json\/wp\/v2\/pages"}],"about":[{"href":"https:\/\/centroasistenciapsicologica.com\/index.php\/wp-json\/wp\/v2\/types\/page"}],"author":[{"embeddable":true,"href":"https:\/\/centroasistenciapsicologica.com\/index.php\/wp-json\/wp\/v2\/users\/1"}],"replies":[{"embeddable":true,"href":"https:\/\/centroasistenciapsicologica.com\/index.php\/wp-json\/wp\/v2\/comments?post=344"}],"version-history":[{"count":11,"href":"https:\/\/centroasistenciapsicologica.com\/index.php\/wp-json\/wp\/v2\/pages\/344\/revisions"}],"predecessor-version":[{"id":1253,"href":"https:\/\/centroasistenciapsicologica.com\/index.php\/wp-json\/wp\/v2\/pages\/344\/revisions\/1253"}],"wp:attachment":[{"href":"https:\/\/centroasistenciapsicologica.com\/index.php\/wp-json\/wp\/v2\/media?parent=344"}],"curies":[{"name":"wp","href":"https:\/\/api.w.org\/{rel}","templated":true}]}}